{"id":3756,"date":"2018-10-24T13:39:13","date_gmt":"2018-10-24T13:39:13","guid":{"rendered":"http:\/\/quanticalabs.com\/wptest\/medicenter-new\/?page_id=3756"},"modified":"2026-03-18T09:16:05","modified_gmt":"2026-03-18T08:16:05","slug":"home","status":"publish","type":"page","link":"https:\/\/oplusu.de\/orthopaedie-unfallchirurgie-erkrath\/","title":{"rendered":"HOME"},"content":{"rendered":"<section class=\"wpb-content-wrapper\"><p>[vc_row type=&#8220;full-width&#8220;][vc_column][rev_slider_vc alias=&#8220;home&#8220;][\/vc_column][\/vc_row][vc_row][vc_column][vc_widget_sidebar sidebar_id=&#8220;sidebar-home-top&#8220; el_class=&#8220;home-box-container-list for-home-slider&#8220;][vc_widget_sidebar sidebar_id=&#8220;sidebar-home-top&#8220; el_class=&#8220;home-box-container-list for-home-slider&#8220;][\/vc_column][\/vc_row][vc_row top_margin=&#8220;page-margin-top-section&#8220;][vc_column width=&#8220;1\/2&#8243; el_class=&#8220;padding-right-30&#8243;][vc_single_image image=&#8220;4191&#8243; img_size=&#8220;full&#8220;][vc_empty_space][vc_column_text]<a href=\"https:\/\/focus-arztsuche.de\/arzt\/dr-med-jochen-brankamp-3699617\" target=\"_blank\" rel=\"noopener noreferrer\"><img loading=\"lazy\" decoding=\"async\" src=\"https:\/\/oplusu.de\/orthopaedie-unfallchirurgie-erkrath\/wp-content\/uploads\/2023\/06\/focus_siegel.png\" width=\"167\" height=\"284\" \/><\/a>[\/vc_column_text][vc_empty_space][vc_column_text][\/vc_column_text][\/vc_column][vc_column width=&#8220;1\/2&#8243;]<h3 class=\"box-header\">O+U Facharztpraxis Dr. Brankamp<\/h3><h2 class=\"box-header large margin-top-30 no-border\">Willkommen bei O+U, der Privatpraxis f\u00fcr Orthop\u00e4die und Unfallchirurgie in Erkrath<\/h2>[vc_column_text el_class=&#8220;large margin-top-10&#8243;]<strong>O+U<\/strong> ist eine orthop\u00e4dische und unfallchirurgische Privatpraxis. Wir sind spezialisiert auf die Behandlung von R\u00fcckenerkrankungen, Fehlstellungen im Bewegungsapparat und Gelenkerkrankungen (Schulter, H\u00fcfte, Knie). Unser Ziel: mit innovativen schulmedizinischen und komplement\u00e4ren Behandlungsmethoden helfen wir, soweit m\u00f6glich Operationen zu vermeiden.<\/p>\n<p>Unsere Praxis liegt im Herzen des Rheinlandes: Sie erreichen uns in wenigen Minuten gleicherma\u00dfen aus der Landeshauptstadt <strong>D\u00fcsseldorf<\/strong> wie auch aus dem <strong>Kreis Mettmann<\/strong>. Parkpl\u00e4tze finden Sie direkt vor unserer ebenerdigen Praxis in <strong>Erkrath<\/strong>.<\/p>\n<p>Die Ursachen von Schmerzen im Bewegungsapparat sind oft komplex. In unserer Privatpraxis f\u00fcr Orthop\u00e4die und Unfallchirurgie nimmt Dr. med. Jochen Brankamp sich deshalb so viel Zeit wie n\u00f6tig, um die wahren Gr\u00fcnde f\u00fcr solche Beschwerden zu finden und eine geeignete Behandlungsstrategie zu entwickeln. Das Spektrum der Diagnose- und Therapieverfahren umfasst dabei sowohl neueste konservative als auch komplement\u00e4re Heilverfahren. Dr. med. Jochen Brankamp ist<\/p>\n<ul>\n<li><strong>Facharzt f\u00fcr Orthop\u00e4die,<\/strong><\/li>\n<li><strong>Facharzt f\u00fcr Orthop\u00e4die und Unfallchirurgie,<\/strong><\/li>\n<li><strong>Arzt f\u00fcr Manuelle Medizin\/Chirotherapie,<\/strong><\/li>\n<li><strong>Arzt f\u00fcr Akupunktur <\/strong>und<\/li>\n<li><strong>Zertifiziertes Zentrum f\u00fcr Sto\u00dfwellentherapie.<\/strong><\/li>\n<\/ul>\n<p>Die Bandbreite seiner Behandlungsmethoden reicht von der <strong>Schmerztherapie<\/strong> \u00fcber <strong>Akupunktur<\/strong>, <strong>Chirotherapie<\/strong> und <strong>Osteopathie<\/strong> (<strong>DAAO-zertifiziert, gelistet im European Register for Osteopathic Physicians<\/strong>) bis hin zur <strong>Ern\u00e4hrungsberatung durch orthomolekulare Medizin<\/strong> (Behandlungsunterst\u00fctzung durch Mikron\u00e4hrstoffe). Das Ziel: Ihre Beschwerden so schonend wie m\u00f6glich zu beheben und daf\u00fcr zu sorgen, dass Sie dauerhaft gesund bleiben. Damit wir diesem Anspruch gerecht werden k\u00f6nnen, haben wir uns als flexible Privat- und Selbstzahlerpraxis organisiert. So ist eine optimale, auf Ihre Bed\u00fcrfnisse zugeschnittene Behandlung m\u00f6glich.<br \/>\n[\/vc_column_text][\/vc_column][\/vc_row][vc_row][vc_column][vc_empty_space][vc_message style=&#8220;square&#8220; message_box_color=&#8220;alert-danger&#8220;]<\/p>\n<h2>Unsere Praxis bleibt vom\u00a0<strong>30.03.2026 &#8211; 02.04.2026<\/strong>\u00a0geschlossen.<\/h2>\n<p>[\/vc_message][\/vc_column][\/vc_row][vc_row type=&#8220;full-width&#8220; top_margin=&#8220;page-margin-top-section&#8220; css=&#8220;.vc_custom_1534852698410{background-color: #f0f0f0 !important;}&#8220; el_class=&#8220;align-center padding-top-57 padding-bottom-63&#8243;][vc_column][vc_row_inner][vc_column_inner][\/vc_column_inner][\/vc_row_inner][vc_button title=&#8220;Termin vereinbaren&#8220; label=&#8220;Vereinbaren Sie einen Termin mit Dr. Brankamp! Unter +49 (0)211-29 27 67 77&#8243; size=&#8220;large&#8220; icon=&#8220;template-arrow-horizontal-1-after&#8220; style=&#8220;dark-color&#8220; href=&#8220;https:\/\/oplusu.de\/orthopaedie-unfallchirurgie-erkrath\/online-terminvereinbarung\/&#8220;][\/vc_column][\/vc_row][vc_row top_margin=&#8220;page-margin-top-section&#8220;][vc_column]<h2 class=\"box-header large align-center\">Kompetent und erfahren: Das O+U-Team<\/h2><div class=\"clearfix scrolling-controls\">\n\t\t\t\t<div class=\"header-left\"><\/div>\n\t\t\t\t<div class=\"header-right\"><a href=\"#\" id=\"carousel_prev\" class=\"scrolling-list-control-left template-arrow-horizontal-3\"><\/a><a href=\"#\" id=\"carousel_next\" class=\"scrolling-list-control-right template-arrow-horizontal-3\"><\/a><\/div><\/div>\n\t\t\t\t<ul class=\"mc-gallery gallery-3-columns dm_carousel horizontal-carousel carousel id-carousel autoplay-0 pause_on_hover-1 scroll-1 effect-scroll easing-swing duration-500\"><li class=\"gallery-box gallery-box-1 hover-icons-off\" id=\"gallery-item-jochen_brankamp\"><img loading=\"lazy\" decoding=\"async\" width=\"390\" height=\"260\" src=\"https:\/\/oplusu.de\/orthopaedie-unfallchirurgie-erkrath\/wp-content\/uploads\/2013\/05\/J_Brankamp_500x500-390x260.jpg\" class=\"mc-preload wp-post-image\" alt=\"Dr. med. Jochen Brankamp\" title=\"\" srcset=\"https:\/\/oplusu.de\/orthopaedie-unfallchirurgie-erkrath\/wp-content\/uploads\/2013\/05\/J_Brankamp_500x500-390x260.jpg 390w, https:\/\/oplusu.de\/orthopaedie-unfallchirurgie-erkrath\/wp-content\/uploads\/2013\/05\/J_Brankamp_500x500-480x320.jpg 480w, https:\/\/oplusu.de\/orthopaedie-unfallchirurgie-erkrath\/wp-content\/uploads\/2013\/05\/J_Brankamp_500x500-285x190.jpg 285w\" sizes=\"auto, (max-width: 390px) 100vw, 390px\" \/>\n\t\t\t\t\t\t<div class=\"description\">\n\t\t\t\t\t\t\t<h4>Dr. med. Jochen Brankamp<\/h4>\n\t\t\t\t\t\t\t<h5>Facharzt f\u00fcr Orthop\u00e4die, Facharzt f\u00fcr Orthop\u00e4die und Unfallchirurgie, Arzt f\u00fcr Akupunktur, Arzt f\u00fcr Manuelle Medizin\/Chirotherapie, \u00e4rztliche Osteopathie<\/h5>\n\t\t\t\t\t\t<\/div>\n\t\t\t\t\t\t<ul class=\"controls\">\n\t\t\t\t\t\t\t<li>\n\t\t\t\t\t\t\t\t<a href=\"https:\/\/oplusu.de\/orthopaedie-unfallchirurgie-erkrath\/team\/jochen_brankamp\/\" class=\"template-menu-2 open-details\"><\/a>\n\t\t\t\t\t\t\t<\/li><li><a href=\"https:\/\/oplusu.de\/orthopaedie-unfallchirurgie-erkrath\/wp-content\/uploads\/2013\/05\/J_Brankamp_500x500.jpg\" class=\"template-plus-2 fancybox open-lightbox\" rel=\"mcgallery[loop]\"><\/a>\n\t\t\t\t\t<\/li><\/ul><\/li><li class=\"gallery-box gallery-box-2 hover-icons-off\" id=\"gallery-item-corinna-hirsch\"><img loading=\"lazy\" decoding=\"async\" width=\"390\" height=\"260\" src=\"https:\/\/oplusu.de\/orthopaedie-unfallchirurgie-erkrath\/wp-content\/uploads\/2022\/11\/cb-390x260.jpg\" class=\"mc-preload wp-post-image\" alt=\"Corinna Hirsch\" title=\"\" srcset=\"https:\/\/oplusu.de\/orthopaedie-unfallchirurgie-erkrath\/wp-content\/uploads\/2022\/11\/cb-390x260.jpg 390w, https:\/\/oplusu.de\/orthopaedie-unfallchirurgie-erkrath\/wp-content\/uploads\/2022\/11\/cb-480x320.jpg 480w, https:\/\/oplusu.de\/orthopaedie-unfallchirurgie-erkrath\/wp-content\/uploads\/2022\/11\/cb-285x190.jpg 285w\" sizes=\"auto, (max-width: 390px) 100vw, 390px\" \/>\n\t\t\t\t\t\t<div class=\"description\">\n\t\t\t\t\t\t\t<h4>Corinna Hirsch<\/h4>\n\t\t\t\t\t\t\t<h5>Medizinische Fachangestellte<\/h5>\n\t\t\t\t\t\t<\/div>\n\t\t\t\t\t\t<ul class=\"controls\">\n\t\t\t\t\t\t\t<li>\n\t\t\t\t\t\t\t\t<a href=\"https:\/\/oplusu.de\/orthopaedie-unfallchirurgie-erkrath\/team\/corinna-hirsch\/\" class=\"template-menu-2 open-details\"><\/a>\n\t\t\t\t\t\t\t<\/li><li><a href=\"https:\/\/oplusu.de\/orthopaedie-unfallchirurgie-erkrath\/wp-content\/uploads\/2022\/11\/cb.jpg\" class=\"template-plus-2 fancybox open-lightbox\" rel=\"mcgallery[loop]\"><\/a>\n\t\t\t\t\t<\/li><\/ul><\/li><li class=\"gallery-box gallery-box-3 hover-icons-off\" id=\"gallery-item-marleen-schmidt\"><img loading=\"lazy\" decoding=\"async\" width=\"390\" height=\"260\" src=\"https:\/\/oplusu.de\/orthopaedie-unfallchirurgie-erkrath\/wp-content\/uploads\/2022\/11\/M_Schmidt-390x260.jpg\" class=\"mc-preload wp-post-image\" alt=\"Marleen Schmidt\" title=\"\" srcset=\"https:\/\/oplusu.de\/orthopaedie-unfallchirurgie-erkrath\/wp-content\/uploads\/2022\/11\/M_Schmidt-390x260.jpg 390w, https:\/\/oplusu.de\/orthopaedie-unfallchirurgie-erkrath\/wp-content\/uploads\/2022\/11\/M_Schmidt-480x320.jpg 480w, https:\/\/oplusu.de\/orthopaedie-unfallchirurgie-erkrath\/wp-content\/uploads\/2022\/11\/M_Schmidt-285x190.jpg 285w\" sizes=\"auto, (max-width: 390px) 100vw, 390px\" \/>\n\t\t\t\t\t\t<div class=\"description\">\n\t\t\t\t\t\t\t<h4>Marleen Schmidt<\/h4>\n\t\t\t\t\t\t\t<h5>Medizinische Fachangestellte<\/h5>\n\t\t\t\t\t\t<\/div>\n\t\t\t\t\t\t<ul class=\"controls\">\n\t\t\t\t\t\t\t<li>\n\t\t\t\t\t\t\t\t<a href=\"https:\/\/oplusu.de\/orthopaedie-unfallchirurgie-erkrath\/team\/marleen-schmidt\/\" class=\"template-menu-2 open-details\"><\/a>\n\t\t\t\t\t\t\t<\/li><li><a href=\"https:\/\/oplusu.de\/orthopaedie-unfallchirurgie-erkrath\/wp-content\/uploads\/2022\/11\/M_Schmidt.jpg\" class=\"template-plus-2 fancybox open-lightbox\" rel=\"mcgallery[loop]\"><\/a>\n\t\t\t\t\t<\/li><\/ul><\/li><li class=\"gallery-box gallery-box-4 hover-icons-off\" id=\"gallery-item-anja_koenig\"><img loading=\"lazy\" decoding=\"async\" width=\"390\" height=\"260\" src=\"https:\/\/oplusu.de\/orthopaedie-unfallchirurgie-erkrath\/wp-content\/uploads\/2024\/12\/anja-koenig-390x260.jpg\" class=\"mc-preload wp-post-image\" alt=\"Anja K\u00f6nig\" title=\"\" srcset=\"https:\/\/oplusu.de\/orthopaedie-unfallchirurgie-erkrath\/wp-content\/uploads\/2024\/12\/anja-koenig-390x260.jpg 390w, https:\/\/oplusu.de\/orthopaedie-unfallchirurgie-erkrath\/wp-content\/uploads\/2024\/12\/anja-koenig-480x320.jpg 480w, https:\/\/oplusu.de\/orthopaedie-unfallchirurgie-erkrath\/wp-content\/uploads\/2024\/12\/anja-koenig-285x190.jpg 285w\" sizes=\"auto, (max-width: 390px) 100vw, 390px\" \/>\n\t\t\t\t\t\t<div class=\"description\">\n\t\t\t\t\t\t\t<h4>Anja K\u00f6nig<\/h4>\n\t\t\t\t\t\t\t<h5>Medizinische Fachangestellte<\/h5>\n\t\t\t\t\t\t<\/div>\n\t\t\t\t\t\t<ul class=\"controls\">\n\t\t\t\t\t\t\t<li>\n\t\t\t\t\t\t\t\t<a href=\"https:\/\/oplusu.de\/orthopaedie-unfallchirurgie-erkrath\/team\/anja_koenig\/\" class=\"template-menu-2 open-details\"><\/a>\n\t\t\t\t\t\t\t<\/li><li><a href=\"https:\/\/oplusu.de\/orthopaedie-unfallchirurgie-erkrath\/wp-content\/uploads\/2024\/12\/anja-koenig.jpg\" class=\"template-plus-2 fancybox open-lightbox\" rel=\"mcgallery[loop]\"><\/a>\n\t\t\t\t\t<\/li><\/ul><\/li><\/ul>[vc_empty_space][\/vc_column][\/vc_row][vc_row type=&#8220;full-width&#8220; css=&#8220;.vc_custom_1538058666023{background-color: #f0f0f0 !important;}&#8220;][vc_column][vc_tabs type=&#8220;type-big&#8220;][vc_tab title=&#8220;Therapie&#8220; tab_id=&#8220;our-history&#8220;][vc_row_inner][vc_column_inner el_class=&#8220;padding-right-30&#8243; width=&#8220;1\/2&#8243;][vc_single_image image=&#8220;4326&#8243; img_size=&#8220;medicenter-gallery-thumb-type-1&#8243; el_class=&#8220;side-image-static&#8220;][\/vc_column_inner][vc_column_inner width=&#8220;1\/2&#8243;]<h3 class=\"box-header\">O+U versucht Operationen zu vermeiden<\/h3>[vc_column_text el_class=&#8220;large margin-top-10&#8243;]Dr. med. Jochen Brankamp hat als Mitglied einer Gruppe von Medizinern um Prof. Dr. Guido Saxler zur <a href=\"https:\/\/www.ncbi.nlm.nih.gov\/pubmed\/18704516\" target=\"_blank\" rel=\"noopener noreferrer\">Schmerzentwicklung an der Wirbels\u00e4ule geforscht<\/a>. Die Erkenntnis: Durch Operationen k\u00f6nnen hier zus\u00e4tzliche Schmerzfasern gebildet werden, die das Leiden der Patienten im ung\u00fcnstigen Fall weiter vergr\u00f6\u00dfern. Mit diesem Wissen hat sich Dr. Brankamp als erfahrener Operateur in der Endoprothetik und an der Wirbels\u00e4ule entschlossen, bewusst Alternativen zur Vermeidung von Operationen anzubieten \u2013 nicht nur f\u00fcr die Wirbels\u00e4ule. In diesem Spezialbereich offeriert Dr. Brankamp wiederum ein breites Spektrum von Behandlungsmethoden: Mit der minimalinvasiven Schmerztherapie mit der Radio-Frequenz-Methode, moderner Chirotherapie, Osteopathie (DAAO-zertifiziert, gelistet im European Register for Osteopathic Physicians), Akupunktur und bildwandlergesteuerten Injektionen mit Hyalurons\u00e4ure, pflanzlichen oder corticoidhaltigen Pr\u00e4paraten kann er in vielen F\u00e4llen Beschwerdefreiheit erreichen, ohne dass es zu einer Operation kommen muss.[\/vc_column_text][\/vc_column_inner][\/vc_row_inner][\/vc_tab][vc_tab title=&#8220;Diagnostik&#8220; tab_id=&#8220;technology&#8220;][vc_row_inner][vc_column_inner el_class=&#8220;padding-right-30&#8243; width=&#8220;1\/2&#8243;][vc_single_image image=&#8220;4322&#8243; img_size=&#8220;medicenter-gallery-thumb-type-1&#8243; el_class=&#8220;side-image-static&#8220;][\/vc_column_inner][vc_column_inner width=&#8220;1\/2&#8243;]<h3 class=\"box-header\">Schonende Verfahren bei O+U<\/h3>[vc_column_text el_class=&#8220;large margin-top-10&#8243;]<strong>O+U<\/strong> ist optimal ausger\u00fcstet, um den Bewegungsapparat ganzheitlich mit moderner Sensorik zu vermessen \u2013 ohne belastende R\u00f6ntgenstrahlung. Dazu verf\u00fcgt Dr. Brankamp \u00fcber ein modernes System zur 4D-Messung in Bewegung. Diese innovative Methode ist vor allem f\u00fcr Sportler und Patienten mit hohem Anspruch bei funktionellen St\u00f6rungen des Bewegungsapparates interessant. In ganz Deutschland gibt es eine vergleichbare Untersuchungsm\u00f6glichkeit nur rund zehn Mal. Ein hochaufl\u00f6sendes Ultraschall-System (Sonographie) erg\u00e4nzt die Untersuchungsm\u00f6glichkeiten. Insbesondere bei Verletzungen und Beschwerden durch \u00dcberlastung kann fr\u00fchzeitig nach einer Ultraschall-Untersuchung eine genaue Diagnose gestellt werden. Falls sich R\u00f6ntgenaufnahmen dennoch nicht vermeiden lassen, nutzt Dr. Brankamp ein digitales R\u00f6ntgensystem nach dem neuesten Stand der Technik. Dies garantiert eine minimale Strahlenbelastung f\u00fcr die Patienten.[\/vc_column_text][\/vc_column_inner][\/vc_row_inner][\/vc_tab][vc_tab title=&#8220;Privatpraxis&#8220; tab_id=&#8220;the-benefits&#8220;][vc_row_inner][vc_column_inner el_class=&#8220;padding-right-30&#8243; width=&#8220;1\/2&#8243;][vc_single_image image=&#8220;4195&#8243; img_size=&#8220;medicenter-gallery-thumb-type-1&#8243; el_class=&#8220;side-image-static&#8220;][\/vc_column_inner][vc_column_inner width=&#8220;1\/2&#8243;]<h3 class=\"box-header\">Was hei\u00dft das eigentlich?<\/h3>[vc_column_text el_class=&#8220;large margin-top-10&#8243;]<\/p>\n<div class=\"dt-sc-toggle-content\">\n<div class=\"block\">\n<p><strong>O+U<\/strong> ist als privat\u00e4rztliche Praxis organisiert. Grundlage f\u00fcr unsere Rechnungen ist die amtliche Geb\u00fchrenordnung f\u00fcr \u00c4rzte (GO\u00c4). Bei der Erstvorstellung werden \u00fcblicherweise folgende Leistungen erbracht:<\/p>\n<p><strong>Beratung:<\/strong> Nach den Ziffern 1, 3, 34 der GO\u00c4, Geb\u00fchren zwischen 10,72 Euro und 40,23 Euro.<\/p>\n<p><strong>Untersuchung:<\/strong> Nach den Ziffern 5 und 7, selten auch 8 der GO\u00c4, Geb\u00fchren zwischen 10,72 Euro und 34,85 Euro. In speziellen F\u00e4llen ist auch eine Untersuchung nach Ziffer 800 (neurologische Untersuchung) notwendig (Geb\u00fchren von 26,15 Euro).<\/p>\n<p>Dies sind die Geb\u00fchren, die \u00fcblicherweise f\u00fcr die Leistungen bei der Erstvorstellung entstehen. Alle weiteren Behandlungsschritte werden detailliert besprochen und erst nach Abruf durch den Patienten nach GO\u00c4 abgerechnet \u2013 vergleichbar mit den sogenannten individuellen Gesundheitsleistungen (IGeL). Durch dieses Vorgehen sind unsere Leistungen und die Kosten zu jeder Zeit transparent.<\/p>\n<p>Den kompletten Text der GO\u00c4 finden Sie <a href=\"http:\/\/www.pkv.de\/service\/broschueren\/rechtsquellen\/gebuehrenordnung-fuer-aerzte\/\" target=\"_blank\" rel=\"noopener noreferrer\">hier<\/a>.<\/p>\n<\/div>\n<\/div>\n<p>[\/vc_column_text][\/vc_column_inner][\/vc_row_inner][\/vc_tab][vc_tab title=&#8220;\u00d6ffnungszeiten&#8220; tab_id=&#8220;1669203488378-3-6&#8243;][vc_row_inner][vc_column_inner width=&#8220;1\/2&#8243;][vc_single_image image=&#8220;4192&#8243; img_size=&#8220;medicenter-gallery-thumb-type-1&#8243;][\/vc_column_inner][vc_column_inner width=&#8220;1\/2&#8243;]<h3 class=\"box-header\">Wir sind da, wenn Sie uns brauchen<\/h3>[vc_column_text]Unsere regul\u00e4ren \u00d6ffnungszeiten:<\/p>\n<p><strong>Mo, Di, Do:<\/strong> 8-12.30 Uhr und 14.30-17.30 Uhr<\/p>\n<p><strong>Mi, Fr:<\/strong> 7-13 Uhr<\/p>\n<p>Auch au\u00dferhalb unserer Sprechzeiten sind Termine nach individueller Vereinbarung m\u00f6glich. Sprechen Sie uns an! <strong>Fon:<\/strong> <a href=\"tel:+4921129276777\">+ 49 (0) 211-29 27 67 77<\/a>[\/vc_column_text][\/vc_column_inner][\/vc_row_inner][\/vc_tab][\/vc_tabs][vc_empty_space][vc_empty_space][\/vc_column][\/vc_row][vc_row type=&#8220;full-width&#8220; css=&#8220;.vc_custom_1537528756955{background-color: #f0f0f0 !important;}&#8220;][vc_column]<h2 class=\"box-header large align-center\">Dr. med. Jochen Brankamp ist Mitglied bei:<\/h2>[vc_row_inner top_margin=&#8220;page-margin-top&#8220; el_class=&#8220;margin-bottom-50&#8243;][vc_column_inner]<div class=\"our-clients-list-container\">\r\n\t\t\t\t\t<ul class=\"our-clients-list\"><li class=\"vertical-align\"><div class=\"our-clients-item-container\"><div class=\"vertical-align-cell\"><a href=\"https:\/\/oplusu.de\/orthopaedie-unfallchirurgie-erkrath\/wp-content\/uploads\/2022\/11\/DGU.png\" class=\"fancybox\"><img loading=\"lazy\" decoding=\"async\" width=\"300\" height=\"200\" src=\"https:\/\/oplusu.de\/orthopaedie-unfallchirurgie-erkrath\/wp-content\/uploads\/2022\/11\/DGU.png\" class=\"attachment-full size-full\" alt=\"\" srcset=\"https:\/\/oplusu.de\/orthopaedie-unfallchirurgie-erkrath\/wp-content\/uploads\/2022\/11\/DGU.png 300w, https:\/\/oplusu.de\/orthopaedie-unfallchirurgie-erkrath\/wp-content\/uploads\/2022\/11\/DGU-285x190.png 285w\" sizes=\"auto, (max-width: 300px) 100vw, 300px\" \/><\/a><\/div><\/div><\/li><li class=\"vertical-align\"><div class=\"our-clients-item-container\"><div class=\"vertical-align-cell\"><a href=\"https:\/\/oplusu.de\/orthopaedie-unfallchirurgie-erkrath\/wp-content\/uploads\/2022\/11\/Forschungsgruppe-Akupunktur.png\" class=\"fancybox\"><img loading=\"lazy\" decoding=\"async\" width=\"300\" height=\"200\" src=\"https:\/\/oplusu.de\/orthopaedie-unfallchirurgie-erkrath\/wp-content\/uploads\/2022\/11\/Forschungsgruppe-Akupunktur.png\" class=\"attachment-full size-full\" alt=\"\" srcset=\"https:\/\/oplusu.de\/orthopaedie-unfallchirurgie-erkrath\/wp-content\/uploads\/2022\/11\/Forschungsgruppe-Akupunktur.png 300w, https:\/\/oplusu.de\/orthopaedie-unfallchirurgie-erkrath\/wp-content\/uploads\/2022\/11\/Forschungsgruppe-Akupunktur-285x190.png 285w\" sizes=\"auto, (max-width: 300px) 100vw, 300px\" \/><\/a><\/div><\/div><\/li><li class=\"vertical-align\"><div class=\"our-clients-item-container\"><div class=\"vertical-align-cell\"><a href=\"https:\/\/oplusu.de\/orthopaedie-unfallchirurgie-erkrath\/wp-content\/uploads\/2022\/11\/Deutsche-Geselschaft-fuer-Orthopaedie-und-Chirugie-1.png\" class=\"fancybox\"><img loading=\"lazy\" decoding=\"async\" width=\"300\" height=\"200\" src=\"https:\/\/oplusu.de\/orthopaedie-unfallchirurgie-erkrath\/wp-content\/uploads\/2022\/11\/Deutsche-Geselschaft-fuer-Orthopaedie-und-Chirugie-1.png\" class=\"attachment-full size-full\" alt=\"\" srcset=\"https:\/\/oplusu.de\/orthopaedie-unfallchirurgie-erkrath\/wp-content\/uploads\/2022\/11\/Deutsche-Geselschaft-fuer-Orthopaedie-und-Chirugie-1.png 300w, https:\/\/oplusu.de\/orthopaedie-unfallchirurgie-erkrath\/wp-content\/uploads\/2022\/11\/Deutsche-Geselschaft-fuer-Orthopaedie-und-Chirugie-1-285x190.png 285w\" sizes=\"auto, (max-width: 300px) 100vw, 300px\" \/><\/a><\/div><\/div><\/li><li class=\"vertical-align\"><div class=\"our-clients-item-container\"><div class=\"vertical-align-cell\"><a href=\"https:\/\/oplusu.de\/orthopaedie-unfallchirurgie-erkrath\/wp-content\/uploads\/2022\/11\/DGOU.png\" class=\"fancybox\"><img loading=\"lazy\" decoding=\"async\" width=\"300\" height=\"200\" src=\"https:\/\/oplusu.de\/orthopaedie-unfallchirurgie-erkrath\/wp-content\/uploads\/2022\/11\/DGOU.png\" class=\"attachment-full size-full\" alt=\"\" srcset=\"https:\/\/oplusu.de\/orthopaedie-unfallchirurgie-erkrath\/wp-content\/uploads\/2022\/11\/DGOU.png 300w, https:\/\/oplusu.de\/orthopaedie-unfallchirurgie-erkrath\/wp-content\/uploads\/2022\/11\/DGOU-285x190.png 285w\" sizes=\"auto, (max-width: 300px) 100vw, 300px\" \/><\/a><\/div><\/div><\/li><li class=\"vertical-align\"><div class=\"our-clients-item-container\"><div class=\"vertical-align-cell\"><a href=\"https:\/\/oplusu.de\/orthopaedie-unfallchirurgie-erkrath\/wp-content\/uploads\/2022\/11\/IGOST.png\" class=\"fancybox\"><img loading=\"lazy\" decoding=\"async\" width=\"300\" height=\"200\" src=\"https:\/\/oplusu.de\/orthopaedie-unfallchirurgie-erkrath\/wp-content\/uploads\/2022\/11\/IGOST.png\" class=\"attachment-full size-full\" alt=\"\" srcset=\"https:\/\/oplusu.de\/orthopaedie-unfallchirurgie-erkrath\/wp-content\/uploads\/2022\/11\/IGOST.png 300w, https:\/\/oplusu.de\/orthopaedie-unfallchirurgie-erkrath\/wp-content\/uploads\/2022\/11\/IGOST-285x190.png 285w\" sizes=\"auto, (max-width: 300px) 100vw, 300px\" \/><\/a><\/div><\/div><\/li><li class=\"vertical-align\"><div class=\"our-clients-item-container\"><div class=\"vertical-align-cell\"><a href=\"https:\/\/oplusu.de\/orthopaedie-unfallchirurgie-erkrath\/wp-content\/uploads\/2022\/11\/MWE.png\" class=\"fancybox\"><img loading=\"lazy\" decoding=\"async\" width=\"300\" height=\"200\" src=\"https:\/\/oplusu.de\/orthopaedie-unfallchirurgie-erkrath\/wp-content\/uploads\/2022\/11\/MWE.png\" class=\"attachment-full size-full\" alt=\"\" srcset=\"https:\/\/oplusu.de\/orthopaedie-unfallchirurgie-erkrath\/wp-content\/uploads\/2022\/11\/MWE.png 300w, https:\/\/oplusu.de\/orthopaedie-unfallchirurgie-erkrath\/wp-content\/uploads\/2022\/11\/MWE-285x190.png 285w\" sizes=\"auto, (max-width: 300px) 100vw, 300px\" \/><\/a><\/div><\/div><\/li><li class=\"vertical-align\"><div class=\"our-clients-item-container\"><div class=\"vertical-align-cell\"><a href=\"https:\/\/oplusu.de\/orthopaedie-unfallchirurgie-erkrath\/wp-content\/uploads\/2022\/11\/PBV.png\" class=\"fancybox\"><img loading=\"lazy\" decoding=\"async\" width=\"300\" height=\"200\" src=\"https:\/\/oplusu.de\/orthopaedie-unfallchirurgie-erkrath\/wp-content\/uploads\/2022\/11\/PBV.png\" class=\"attachment-full size-full\" alt=\"\" srcset=\"https:\/\/oplusu.de\/orthopaedie-unfallchirurgie-erkrath\/wp-content\/uploads\/2022\/11\/PBV.png 300w, https:\/\/oplusu.de\/orthopaedie-unfallchirurgie-erkrath\/wp-content\/uploads\/2022\/11\/PBV-285x190.png 285w\" sizes=\"auto, (max-width: 300px) 100vw, 300px\" \/><\/a><\/div><\/div><\/li><li class=\"vertical-align\"><div class=\"our-clients-item-container\"><div class=\"vertical-align-cell\"><a href=\"https:\/\/oplusu.de\/orthopaedie-unfallchirurgie-erkrath\/wp-content\/uploads\/2022\/11\/DAAO.png\" class=\"fancybox\"><img loading=\"lazy\" decoding=\"async\" width=\"300\" height=\"200\" src=\"https:\/\/oplusu.de\/orthopaedie-unfallchirurgie-erkrath\/wp-content\/uploads\/2022\/11\/DAAO.png\" class=\"attachment-full size-full\" alt=\"\" srcset=\"https:\/\/oplusu.de\/orthopaedie-unfallchirurgie-erkrath\/wp-content\/uploads\/2022\/11\/DAAO.png 300w, https:\/\/oplusu.de\/orthopaedie-unfallchirurgie-erkrath\/wp-content\/uploads\/2022\/11\/DAAO-285x190.png 285w\" sizes=\"auto, (max-width: 300px) 100vw, 300px\" \/><\/a><\/div><\/div><\/li><\/ul><\/div>[\/vc_column_inner][\/vc_row_inner][\/vc_column][\/vc_row][vc_row][vc_column][vc_empty_space]<h2 class=\"box-header large align-center\">Wissenswertes von O+U<\/h2>[vc_empty_space]<div class=\"columns clearfix layout-column\"><ul class=\"blog vc_col-sm-6 wpb_column vc_column_container page-margin-top-section\"><li class=\" post post-4573 type-post status-publish format-standard has-post-thumbnail hentry category-allgemein\"><div class=\"post-content\"><a class=\"post-image\" href=\"https:\/\/oplusu.de\/orthopaedie-unfallchirurgie-erkrath\/digitaler-volumentomograph-alles-vor-ort-bei-ou\/\" title=\"Digitaler Volumentomograph: Alles vor Ort bei O+U\"><span class=\"mc-preloader\"><\/span><img loading=\"lazy\" decoding=\"async\" width=\"2000\" height=\"1333\" src=\"https:\/\/oplusu.de\/orthopaedie-unfallchirurgie-erkrath\/wp-content\/uploads\/2022\/11\/2022_08-Fotoshooting-Brankamp_0340-1.jpg\" class=\"attachment-full size-full wp-post-image\" alt=\"Digitaler Volumentomograph: Alles vor Ort bei O+U\" title=\"\" srcset=\"https:\/\/oplusu.de\/orthopaedie-unfallchirurgie-erkrath\/wp-content\/uploads\/2022\/11\/2022_08-Fotoshooting-Brankamp_0340-1.jpg 2000w, https:\/\/oplusu.de\/orthopaedie-unfallchirurgie-erkrath\/wp-content\/uploads\/2022\/11\/2022_08-Fotoshooting-Brankamp_0340-1-300x200.jpg 300w, https:\/\/oplusu.de\/orthopaedie-unfallchirurgie-erkrath\/wp-content\/uploads\/2022\/11\/2022_08-Fotoshooting-Brankamp_0340-1-1024x682.jpg 1024w, https:\/\/oplusu.de\/orthopaedie-unfallchirurgie-erkrath\/wp-content\/uploads\/2022\/11\/2022_08-Fotoshooting-Brankamp_0340-1-768x512.jpg 768w, https:\/\/oplusu.de\/orthopaedie-unfallchirurgie-erkrath\/wp-content\/uploads\/2022\/11\/2022_08-Fotoshooting-Brankamp_0340-1-1536x1024.jpg 1536w, https:\/\/oplusu.de\/orthopaedie-unfallchirurgie-erkrath\/wp-content\/uploads\/2022\/11\/2022_08-Fotoshooting-Brankamp_0340-1-670x446.jpg 670w, https:\/\/oplusu.de\/orthopaedie-unfallchirurgie-erkrath\/wp-content\/uploads\/2022\/11\/2022_08-Fotoshooting-Brankamp_0340-1-600x400.jpg 600w, https:\/\/oplusu.de\/orthopaedie-unfallchirurgie-erkrath\/wp-content\/uploads\/2022\/11\/2022_08-Fotoshooting-Brankamp_0340-1-480x320.jpg 480w, https:\/\/oplusu.de\/orthopaedie-unfallchirurgie-erkrath\/wp-content\/uploads\/2022\/11\/2022_08-Fotoshooting-Brankamp_0340-1-390x260.jpg 390w, https:\/\/oplusu.de\/orthopaedie-unfallchirurgie-erkrath\/wp-content\/uploads\/2022\/11\/2022_08-Fotoshooting-Brankamp_0340-1-285x190.jpg 285w\" sizes=\"auto, (max-width: 2000px) 100vw, 2000px\" \/><\/a><h2 class=\"post-title\"><a href=\"https:\/\/oplusu.de\/orthopaedie-unfallchirurgie-erkrath\/digitaler-volumentomograph-alles-vor-ort-bei-ou\/\" title=\"Digitaler Volumentomograph: Alles vor Ort bei O+U\">Digitaler Volumentomograph: Alles vor Ort bei O+U<\/a><\/h2><p>Der digitale Volumentomograph (DVT) fertigt dreidimensionale R\u00f6ntgenaufnahmen f\u00fcr Kopf, Arme und Beine innerhalb von wenigen Sekunden an. Hierbei profitieren Patienten vor allem von der umittelbaren&#8230;<\/p>\n<\/div><\/li><li class=\" post post-4565 type-post status-publish format-standard has-post-thumbnail hentry category-allgemein\"><div class=\"post-content\"><a class=\"post-image\" href=\"https:\/\/oplusu.de\/orthopaedie-unfallchirurgie-erkrath\/mikrotherapie-kleiner-eingriff-grosse-wirkung\/\" title=\"Mikrotherapie: Kleiner Eingriff, gro\u00dfe Wirkung\"><span class=\"mc-preloader\"><\/span><img loading=\"lazy\" decoding=\"async\" width=\"2000\" height=\"1333\" src=\"https:\/\/oplusu.de\/orthopaedie-unfallchirurgie-erkrath\/wp-content\/uploads\/2022\/11\/2022_08-Fotoshooting-Brankamp_0185.jpg\" class=\"attachment-full size-full wp-post-image\" alt=\"Mikrotherapie: Kleiner Eingriff, gro\u00dfe Wirkung\" title=\"\" srcset=\"https:\/\/oplusu.de\/orthopaedie-unfallchirurgie-erkrath\/wp-content\/uploads\/2022\/11\/2022_08-Fotoshooting-Brankamp_0185.jpg 2000w, https:\/\/oplusu.de\/orthopaedie-unfallchirurgie-erkrath\/wp-content\/uploads\/2022\/11\/2022_08-Fotoshooting-Brankamp_0185-300x200.jpg 300w, https:\/\/oplusu.de\/orthopaedie-unfallchirurgie-erkrath\/wp-content\/uploads\/2022\/11\/2022_08-Fotoshooting-Brankamp_0185-1024x682.jpg 1024w, https:\/\/oplusu.de\/orthopaedie-unfallchirurgie-erkrath\/wp-content\/uploads\/2022\/11\/2022_08-Fotoshooting-Brankamp_0185-768x512.jpg 768w, https:\/\/oplusu.de\/orthopaedie-unfallchirurgie-erkrath\/wp-content\/uploads\/2022\/11\/2022_08-Fotoshooting-Brankamp_0185-1536x1024.jpg 1536w, https:\/\/oplusu.de\/orthopaedie-unfallchirurgie-erkrath\/wp-content\/uploads\/2022\/11\/2022_08-Fotoshooting-Brankamp_0185-670x446.jpg 670w, https:\/\/oplusu.de\/orthopaedie-unfallchirurgie-erkrath\/wp-content\/uploads\/2022\/11\/2022_08-Fotoshooting-Brankamp_0185-600x400.jpg 600w, https:\/\/oplusu.de\/orthopaedie-unfallchirurgie-erkrath\/wp-content\/uploads\/2022\/11\/2022_08-Fotoshooting-Brankamp_0185-480x320.jpg 480w, https:\/\/oplusu.de\/orthopaedie-unfallchirurgie-erkrath\/wp-content\/uploads\/2022\/11\/2022_08-Fotoshooting-Brankamp_0185-390x260.jpg 390w, https:\/\/oplusu.de\/orthopaedie-unfallchirurgie-erkrath\/wp-content\/uploads\/2022\/11\/2022_08-Fotoshooting-Brankamp_0185-285x190.jpg 285w\" sizes=\"auto, (max-width: 2000px) 100vw, 2000px\" \/><\/a><h2 class=\"post-title\"><a href=\"https:\/\/oplusu.de\/orthopaedie-unfallchirurgie-erkrath\/mikrotherapie-kleiner-eingriff-grosse-wirkung\/\" title=\"Mikrotherapie: Kleiner Eingriff, gro\u00dfe Wirkung\">Mikrotherapie: Kleiner Eingriff, gro\u00dfe Wirkung<\/a><\/h2><p>Die minimalinvasive Schmerztherapie mit pr\u00e4zisen, r\u00f6ntgengest\u00fctzten Injektionen ist seit mehreren Jahren eine anerkannte Methode zur Behandlung von Bandscheibenvorf\u00e4llen (Vermeidung einer Operation),&#8230;<\/p>\n<\/div><\/li><li class=\" post post-4570 type-post status-publish format-standard has-post-thumbnail hentry category-allgemein\"><div class=\"post-content\"><a class=\"post-image\" href=\"https:\/\/oplusu.de\/orthopaedie-unfallchirurgie-erkrath\/spinemed-therapie-jetzt-bei-ou\/\" title=\"SpineMED\u00ae-Therapie jetzt bei O+U\"><span class=\"mc-preloader\"><\/span><img loading=\"lazy\" decoding=\"async\" width=\"300\" height=\"300\" src=\"https:\/\/oplusu.de\/orthopaedie-unfallchirurgie-erkrath\/wp-content\/uploads\/2013\/02\/SpinMed_300x300.jpg\" class=\"attachment-full size-full wp-post-image\" alt=\"SpineMED\u00ae-Therapie jetzt bei O+U\" title=\"\" srcset=\"https:\/\/oplusu.de\/orthopaedie-unfallchirurgie-erkrath\/wp-content\/uploads\/2013\/02\/SpinMed_300x300.jpg 300w, https:\/\/oplusu.de\/orthopaedie-unfallchirurgie-erkrath\/wp-content\/uploads\/2013\/02\/SpinMed_300x300-150x150.jpg 150w, https:\/\/oplusu.de\/orthopaedie-unfallchirurgie-erkrath\/wp-content\/uploads\/2013\/02\/SpinMed_300x300-100x100.jpg 100w\" sizes=\"auto, (max-width: 300px) 100vw, 300px\" \/><\/a><h2 class=\"post-title\"><a href=\"https:\/\/oplusu.de\/orthopaedie-unfallchirurgie-erkrath\/spinemed-therapie-jetzt-bei-ou\/\" title=\"SpineMED\u00ae-Therapie jetzt bei O+U\">SpineMED\u00ae-Therapie jetzt bei O+U<\/a><\/h2><p>Die spinale Dekompression mit dem SpineMED\u00ae ist ein innovatives, minimalinvasives und schonendes Verfahren zur Behandlung von R\u00fcckenerkrankungen wie Bandscheibenerkrankungen, Facettensyndrome, Spinalkanalstenose&#8230;<\/p>\n<\/div><\/li><\/ul><ul class=\"blog vc_col-sm-6 wpb_column vc_column_container page-margin-top-section\"><li class=\" post post-4547 type-post status-publish format-standard has-post-thumbnail hentry category-allgemein\"><div class=\"post-content\"><a class=\"post-image\" href=\"https:\/\/oplusu.de\/orthopaedie-unfallchirurgie-erkrath\/ganzheitliche-behandlung-des-bewegungsapparats\/\" title=\"Ganzheitliche Behandlung des Bewegungsapparats\"><span class=\"mc-preloader\"><\/span><img loading=\"lazy\" decoding=\"async\" width=\"394\" height=\"300\" src=\"https:\/\/oplusu.de\/orthopaedie-unfallchirurgie-erkrath\/wp-content\/uploads\/2022\/11\/ganganalyse.jpg\" class=\"attachment-full size-full wp-post-image\" alt=\"Ganzheitliche Behandlung des Bewegungsapparats\" title=\"\" srcset=\"https:\/\/oplusu.de\/orthopaedie-unfallchirurgie-erkrath\/wp-content\/uploads\/2022\/11\/ganganalyse.jpg 394w, https:\/\/oplusu.de\/orthopaedie-unfallchirurgie-erkrath\/wp-content\/uploads\/2022\/11\/ganganalyse-300x228.jpg 300w\" sizes=\"auto, (max-width: 394px) 100vw, 394px\" \/><\/a><h2 class=\"post-title\"><a href=\"https:\/\/oplusu.de\/orthopaedie-unfallchirurgie-erkrath\/ganzheitliche-behandlung-des-bewegungsapparats\/\" title=\"Ganzheitliche Behandlung des Bewegungsapparats\">Ganzheitliche Behandlung des Bewegungsapparats<\/a><\/h2><p>Die Facharztpraxis Dr. med. Jochen Brankamp bietet umfassende Therapiem\u00f6glichkeiten f\u00fcr den Bewegungsapparat. Das Angebot reicht von der akuten und chronischen Schmerztherapie und der Behebung von&#8230;<\/p>\n<\/div><\/li><li class=\" post post-4541 type-post status-publish format-standard has-post-thumbnail hentry category-allgemein\"><div class=\"post-content\"><a class=\"post-image\" href=\"https:\/\/oplusu.de\/orthopaedie-unfallchirurgie-erkrath\/innovative-arthrose-behandlung-bei-ou\/\" title=\"Innovative Arthrose-Behandlung bei O+U\"><span class=\"mc-preloader\"><\/span><img loading=\"lazy\" decoding=\"async\" width=\"4096\" height=\"2304\" src=\"https:\/\/oplusu.de\/orthopaedie-unfallchirurgie-erkrath\/wp-content\/uploads\/2022\/11\/renehavis.png\" class=\"attachment-full size-full wp-post-image\" alt=\"Innovative Arthrose-Behandlung bei O+U\" title=\"\" srcset=\"https:\/\/oplusu.de\/orthopaedie-unfallchirurgie-erkrath\/wp-content\/uploads\/2022\/11\/renehavis.png 4096w, https:\/\/oplusu.de\/orthopaedie-unfallchirurgie-erkrath\/wp-content\/uploads\/2022\/11\/renehavis-300x169.png 300w, https:\/\/oplusu.de\/orthopaedie-unfallchirurgie-erkrath\/wp-content\/uploads\/2022\/11\/renehavis-1024x576.png 1024w, https:\/\/oplusu.de\/orthopaedie-unfallchirurgie-erkrath\/wp-content\/uploads\/2022\/11\/renehavis-768x432.png 768w, https:\/\/oplusu.de\/orthopaedie-unfallchirurgie-erkrath\/wp-content\/uploads\/2022\/11\/renehavis-1536x864.png 1536w, https:\/\/oplusu.de\/orthopaedie-unfallchirurgie-erkrath\/wp-content\/uploads\/2022\/11\/renehavis-2048x1152.png 2048w\" sizes=\"auto, (max-width: 4096px) 100vw, 4096px\" \/><\/a><h2 class=\"post-title\"><a href=\"https:\/\/oplusu.de\/orthopaedie-unfallchirurgie-erkrath\/innovative-arthrose-behandlung-bei-ou\/\" title=\"Innovative Arthrose-Behandlung bei O+U\">Innovative Arthrose-Behandlung bei O+U<\/a><\/h2><p>F\u00fcr die Arthrose-Behandlung bieten wir nun auch eine neue Therapie an: eine Doppelkammerspritze mit zwei verschiedenen Hyalurons\u00e4uren mit unterschiedlichen molekularen Konzentrationen. Die erste Kammer&#8230;<\/p>\n<\/div><\/li><li class=\" post post-4530 type-post status-publish format-standard has-post-thumbnail hentry category-allgemein\"><div class=\"post-content\"><a class=\"post-image\" href=\"https:\/\/oplusu.de\/orthopaedie-unfallchirurgie-erkrath\/ou-bietet-neues-verfahren-bei-sehnen-und-baenderverletzungen\/\" title=\"O+U bietet neues Verfahren bei Sehnen- und B\u00e4nderverletzungen\"><span class=\"mc-preloader\"><\/span><img loading=\"lazy\" decoding=\"async\" width=\"520\" height=\"300\" src=\"https:\/\/oplusu.de\/orthopaedie-unfallchirurgie-erkrath\/wp-content\/uploads\/2022\/11\/sehnen.png\" class=\"attachment-full size-full wp-post-image\" alt=\"O+U bietet neues Verfahren bei Sehnen- und B\u00e4nderverletzungen\" title=\"\" srcset=\"https:\/\/oplusu.de\/orthopaedie-unfallchirurgie-erkrath\/wp-content\/uploads\/2022\/11\/sehnen.png 520w, https:\/\/oplusu.de\/orthopaedie-unfallchirurgie-erkrath\/wp-content\/uploads\/2022\/11\/sehnen-300x173.png 300w\" sizes=\"auto, (max-width: 520px) 100vw, 520px\" \/><\/a><h2 class=\"post-title\"><a href=\"https:\/\/oplusu.de\/orthopaedie-unfallchirurgie-erkrath\/ou-bietet-neues-verfahren-bei-sehnen-und-baenderverletzungen\/\" title=\"O+U bietet neues Verfahren bei Sehnen- und B\u00e4nderverletzungen\">O+U bietet neues Verfahren bei Sehnen- und B\u00e4nderverletzungen<\/a><\/h2><p>Die Therapie mit einem sogenannten Fibrin-Komplex ist in der Tiermedizin bereits sehr erfolgreich eingesetzt worden. Sie wurde speziell f\u00fcr Weichteilgewebe wie Sehnen und B\u00e4nder entwickelt. Mit einer&#8230;<\/p>\n<\/div><\/li><\/ul><\/div>[\/vc_column][\/vc_row]<\/p>\n<\/section>","protected":false},"excerpt":{"rendered":"<p>[vc_row type=&#8220;full-width&#8220;][vc_column][rev_slider_vc alias=&#8220;home&#8220;][\/vc_column][\/vc_row][vc_row][vc_column][vc_widget_sidebar sidebar_id=&#8220;sidebar-home-top&#8220; el_class=&#8220;home-box-container-list for-home-slider&#8220;][vc_widget_sidebar sidebar_id=&#8220;sidebar-home-top&#8220; el_class=&#8220;home-box-container-list for-home-slider&#8220;][\/vc_column][\/vc_row][vc_row top_margin=&#8220;page-margin-top-section&#8220;][vc_column width=&#8220;1\/2&#8243; el_class=&#8220;padding-right-30&#8243;][vc_single_image image=&#8220;4191&#8243; img_size=&#8220;full&#8220;][vc_empty_space][vc_column_text][\/vc_column_text][vc_empty_space][vc_column_text][\/vc_column_text][\/vc_column][vc_column width=&#8220;1\/2&#8243;][vc_column_text el_class=&#8220;large margin-top-10&#8243;]O+U ist eine orthop\u00e4dische und unfallchirurgische Privatpraxis. Wir sind spezialisiert auf die Behandlung von R\u00fcckenerkrankungen, Fehlstellungen im Bewegungsapparat und Gelenkerkrankungen (Schulter, H\u00fcfte, Knie). Unser Ziel: mit innovativen schulmedizinischen und komplement\u00e4ren Behandlungsmethoden helfen wir, soweit m\u00f6glich Operationen zu vermeiden. Unsere<\/p>\n","protected":false},"author":1,"featured_media":0,"parent":0,"menu_order":0,"comment_status":"closed","ping_status":"closed","template":"template-default-without-breadcrumbs.php","meta":{"footnotes":""},"class_list":["post-3756","page","type-page","status-publish","hentry"],"_links":{"self":[{"href":"https:\/\/oplusu.de\/orthopaedie-unfallchirurgie-erkrath\/wp-json\/wp\/v2\/pages\/3756","targetHints":{"allow":["GET"]}}],"collection":[{"href":"https:\/\/oplusu.de\/orthopaedie-unfallchirurgie-erkrath\/wp-json\/wp\/v2\/pages"}],"about":[{"href":"https:\/\/oplusu.de\/orthopaedie-unfallchirurgie-erkrath\/wp-json\/wp\/v2\/types\/page"}],"author":[{"embeddable":true,"href":"https:\/\/oplusu.de\/orthopaedie-unfallchirurgie-erkrath\/wp-json\/wp\/v2\/users\/1"}],"replies":[{"embeddable":true,"href":"https:\/\/oplusu.de\/orthopaedie-unfallchirurgie-erkrath\/wp-json\/wp\/v2\/comments?post=3756"}],"version-history":[{"count":59,"href":"https:\/\/oplusu.de\/orthopaedie-unfallchirurgie-erkrath\/wp-json\/wp\/v2\/pages\/3756\/revisions"}],"predecessor-version":[{"id":4651,"href":"https:\/\/oplusu.de\/orthopaedie-unfallchirurgie-erkrath\/wp-json\/wp\/v2\/pages\/3756\/revisions\/4651"}],"wp:attachment":[{"href":"https:\/\/oplusu.de\/orthopaedie-unfallchirurgie-erkrath\/wp-json\/wp\/v2\/media?parent=3756"}],"curies":[{"name":"wp","href":"https:\/\/api.w.org\/{rel}","templated":true}]}}